{"id":2754,"date":"2025-04-14T19:02:47","date_gmt":"2025-04-14T17:02:47","guid":{"rendered":"https:\/\/www.lecotonas.org\/?post_type=mec-events&#038;p=2754"},"modified":"2025-04-16T23:28:26","modified_gmt":"2025-04-16T21:28:26","slug":"lama-sangpo-776","status":"publish","type":"mec-events","link":"https:\/\/www.lecotonas.org\/index.php\/events\/lama-sangpo-776\/","title":{"rendered":"Transmission et pratique de Tchenr\u00e9zi"},"content":{"rendered":"<p><strong><span style=\"color: #800000;\"><span style=\"font-size: x-large;\"><b>les 8, 9,10 et 11 mai\u00a0 avec Lama Sangpo<\/b><\/span><\/span><\/strong><\/p>\n<p><b>Il y a 20 ans, le 11 mai 2005,\u00a0 le 17\u00e8me Karmapa Trinle Thaye Dorje a honor\u00e9 \u00ab\u00a0Le Cotonas\u00a0\u00bb de sa pr\u00e9sence et de sa b\u00e9n\u00e9diction en conf\u00e9rant l&rsquo;initiation de Tchenr\u00e9zi. <\/b><\/p>\n<p>Les 8,9 et 10 mai, Lama Sangpo donnera les explications de la pratique (commentaire) et en conf\u00e9rera l\u2019initiation.<\/p>\n<p>Le 11 mai 2025, nous c\u00e9l\u00e9brerons cet \u00e9v\u00e9nement par une journ\u00e9e d&rsquo;accumulation du mantra de Tchenr\u00e9zi. Durant cette m\u00eame journ\u00e9e, toutes les personnes pr\u00e9sentes pourront participer \u00e0 la procession du Kangyour (paroles du Bouddha) autour du Centre ; les 103 volumes seront ensuite dispos\u00e9s pour la premi\u00e8re fois dans l&rsquo;autel du Temple de la Coiffe noire.<\/p>\n<div align=\"left\"><b><span style=\"color: #ec4700; font-size: x-large;\">Au programme&#8230; <\/span><\/b><b><i>Modalit\u00e9s \u00e0 lire attentivement<\/i><\/b><\/div>\n<div align=\"left\">\n<div align=\"justify\"><b><span style=\"color: #ec4700;\">\u00bb <\/span><\/b><span style=\"color: #ec4700;\"><b><u>Jeudi 8 mai\u00a0<\/u><\/b><\/span><\/div>\n<div align=\"justify\">-&gt; Enseignement et pratique de 10 \u00e0 12h00 et de 14h30 \u00e0 16h30<\/div>\n<div align=\"justify\">-&gt; Repas <strong>partag\u00e9<\/strong><\/div>\n<div align=\"justify\"><\/div>\n<div align=\"justify\">\n<div align=\"justify\"><b><span style=\"color: #ec4700;\">\u00bb<\/span><\/b> <span style=\"color: #ec4700;\"><b><u>Vendredi 9 mai\u00a0<\/u><\/b><\/span><\/div>\n<div align=\"justify\">-&gt; Enseignement et pratique de 10 \u00e0 12h00 et de 14h30 \u00e0 16h30<\/div>\n<div align=\"justify\">-&gt; Repas <strong>sur inscription<\/strong> <em>(6 ou 8 euros en fonction des revenus)<\/em><\/div>\n<div align=\"justify\"><\/div>\n<div align=\"justify\">\n<div align=\"justify\"><b><span style=\"color: #ec4700;\">\u00bb<\/span><\/b> <span style=\"color: #ec4700;\"><b><u>Samedi 10 mai\u00a0<\/u><\/b><\/span><\/div>\n<div align=\"justify\">-&gt; Enseignement et pratique de 10 \u00e0 12h00<\/div>\n<div align=\"justify\">-&gt; Initiation de Tchenr\u00e9zi de 15h00 \u00e0 17h00 (<em><strong>il est n\u00e9cessaire d&rsquo;avoir pris refuge<\/strong><\/em>)<\/div>\n<div align=\"justify\">-&gt; Repas <strong>sur inscription<\/strong> <em>(6 ou 8 euros en fonction des revenus)<\/em><\/div>\n<div align=\"justify\"><\/div>\n<div align=\"justify\">\n<div align=\"justify\">\n<div align=\"justify\"><b><span style=\"color: #ec4700;\">\u00bb<\/span><\/b> <span style=\"color: #ec4700;\"><b><u>Dimanche 11 mai\u00a0<\/u><\/b><\/span><\/div>\n<div align=\"justify\">-&gt; Procession du Kangyour et Accumulation du mantra de Tchenr\u00e9zi de 10 \u00e0 12h00 et de 14h30 \u00e0 16h30<\/div>\n<div align=\"justify\">-&gt; Repas <strong>sur inscription<\/strong> <em>(6 ou 8 euros en fonction des revenus)<\/em><\/div>\n<\/div>\n<\/div>\n<\/div>\n<\/div>\n<div align=\"justify\"><\/div>\n<div align=\"justify\"><span class=\"x193iq5w xeuugli x13faqbe x1vvkbs x1xmvt09 x1lliihq x1s928wv xhkezso x1gmr53x x1cpjm7i x1fgarty x1943h6x xudqn12 x3x7a5m x6prxxf xvq8zen xo1l8bm xzsf02u x1yc453h\" dir=\"auto\"><span class=\"html-span xdj266r x11i5rnm xat24cr x1mh8g0r xexx8yu x4uap5 x18d9i69 xkhd6sd x1hl2dhg x16tdsg8 x1vvkbs\"><b>H\u00e9bergements -&gt; <\/b>les h\u00e9bergements sont r\u00e9serv\u00e9s \u00e0 l&rsquo;\u00e9quipe des b\u00e9n\u00e9voles<\/span><\/span><\/div>\n<div align=\"justify\"><span class=\"x193iq5w xeuugli x13faqbe x1vvkbs x1xmvt09 x1lliihq x1s928wv xhkezso x1gmr53x x1cpjm7i x1fgarty x1943h6x xudqn12 x3x7a5m x6prxxf xvq8zen xo1l8bm xzsf02u x1yc453h\" dir=\"auto\"><span class=\"html-span xdj266r x11i5rnm xat24cr x1mh8g0r xexx8yu x4uap5 x18d9i69 xkhd6sd x1hl2dhg x16tdsg8 x1vvkbs\"><em>\u00a0NB : H\u00e9bergements proches \u00e0 tarif r\u00e9duit : <a href=\"http:\/\/www.lecotonas.org\/index.php\/hebergements\/\">http:\/\/www.lecotonas.org\/index.php\/hebergements\/<\/a><\/em><br \/>\n<\/span><\/span><\/div>\n<div align=\"justify\"><span class=\"x193iq5w xeuugli x13faqbe x1vvkbs x1xmvt09 x1lliihq x1s928wv xhkezso x1gmr53x x1cpjm7i x1fgarty x1943h6x xudqn12 x3x7a5m x6prxxf xvq8zen xo1l8bm xzsf02u x1yc453h\" dir=\"auto\"><span class=\"html-span xdj266r x11i5rnm xat24cr x1mh8g0r xexx8yu x4uap5 x18d9i69 xkhd6sd x1hl2dhg x16tdsg8 x1vvkbs\"><b>Parking -&gt; <\/b>une navette sera en place depuis la zone de covoiturage en face de la carri\u00e8re de 9h15 \u00e0 9h45<\/span><\/span><\/div>\n<div align=\"justify\"><span class=\"x193iq5w xeuugli x13faqbe x1vvkbs x1xmvt09 x1lliihq x1s928wv xhkezso x1gmr53x x1cpjm7i x1fgarty x1943h6x xudqn12 x3x7a5m x6prxxf xvq8zen xo1l8bm xzsf02u x1yc453h\" dir=\"auto\"><span class=\"html-span xdj266r x11i5rnm xat24cr x1mh8g0r xexx8yu x4uap5 x18d9i69 xkhd6sd x1hl2dhg x16tdsg8 x1vvkbs\"><b>Tarifs -&gt; <\/b>50\u20ac les 4 jours (15\u20ac par journ\u00e9e)<br \/>\n<\/span><\/span><\/div>\n<\/div>\n<div align=\"justify\"><\/div>\n<div style=\"text-align: center;\" align=\"justify\"><u><strong>Merci de bien vouloir vous inscrire ci dessous<\/strong><\/u><\/div>\n<div style=\"text-align: center;\" align=\"justify\"><span style=\"color: #ff0000;\">(Date limite d&rsquo;inscription le 1er mai, places limit\u00e9es)<\/span><\/div>\n<div align=\"justify\"><\/div>\n<p><center><a href=\"https:\/\/www.lecotonas.org\/index.php\/reservations\/\"><button>R\u00e9server<\/button><\/a><\/center>&nbsp;<\/p>\n<div align=\"justify\"><\/div>\n<p><span style=\"color: #000000;\">\u00a0<\/span><\/p>\n","protected":false},"excerpt":{"rendered":"<p>les 8, 9,10 et 11 mai\u00a0 avec Lama Sangpo Il y a 20 ans, le 11 mai 2005,\u00a0 le 17\u00e8me Karmapa Trinle Thaye Dorje a honor\u00e9 \u00ab\u00a0Le Cotonas\u00a0\u00bb de sa pr\u00e9sence et de sa b\u00e9n\u00e9diction en conf\u00e9rant l&rsquo;initiation de Tchenr\u00e9zi. Les 8,9 et 10 mai, Lama Sangpo donnera les explications de la pratique (commentaire) et [&hellip;]<\/p>\n","protected":false},"author":1,"featured_media":1360,"comment_status":"open","ping_status":"closed","template":"","tags":[],"mec_category":[],"mec_speaker":[12],"class_list":["post-2754","mec-events","type-mec-events","status-publish","has-post-thumbnail","hentry","entry","has-media"],"_links":{"self":[{"href":"https:\/\/www.lecotonas.org\/index.php\/wp-json\/wp\/v2\/mec-events\/2754","targetHints":{"allow":["GET"]}}],"collection":[{"href":"https:\/\/www.lecotonas.org\/index.php\/wp-json\/wp\/v2\/mec-events"}],"about":[{"href":"https:\/\/www.lecotonas.org\/index.php\/wp-json\/wp\/v2\/types\/mec-events"}],"author":[{"embeddable":true,"href":"https:\/\/www.lecotonas.org\/index.php\/wp-json\/wp\/v2\/users\/1"}],"replies":[{"embeddable":true,"href":"https:\/\/www.lecotonas.org\/index.php\/wp-json\/wp\/v2\/comments?post=2754"}],"wp:featuredmedia":[{"embeddable":true,"href":"https:\/\/www.lecotonas.org\/index.php\/wp-json\/wp\/v2\/media\/1360"}],"wp:attachment":[{"href":"https:\/\/www.lecotonas.org\/index.php\/wp-json\/wp\/v2\/media?parent=2754"}],"wp:term":[{"taxonomy":"post_tag","embeddable":true,"href":"https:\/\/www.lecotonas.org\/index.php\/wp-json\/wp\/v2\/tags?post=2754"},{"taxonomy":"mec_category","embeddable":true,"href":"https:\/\/www.lecotonas.org\/index.php\/wp-json\/wp\/v2\/mec_category?post=2754"},{"taxonomy":"mec_speaker","embeddable":true,"href":"https:\/\/www.lecotonas.org\/index.php\/wp-json\/wp\/v2\/mec_speaker?post=2754"}],"curies":[{"name":"wp","href":"https:\/\/api.w.org\/{rel}","templated":true}]}}